{"id":39,"date":"2025-01-27T06:30:28","date_gmt":"2025-01-27T06:30:28","guid":{"rendered":"https:\/\/www.palijativnaskrb2025.com\/?page_id=39"},"modified":"2025-05-17T08:11:08","modified_gmt":"2025-05-17T08:11:08","slug":"pocetna","status":"publish","type":"page","link":"https:\/\/www.palijativnaskrb2025.com\/","title":{"rendered":"Po\u010detna"},"content":{"rendered":"\t\t<div data-elementor-type=\"wp-page\" data-elementor-id=\"39\" class=\"elementor elementor-39\">\n\t\t\t\t<div class=\"elementor-element elementor-element-9d3eed9 e-flex e-con-boxed e-con e-parent\" data-id=\"9d3eed9\" data-element_type=\"container\" data-settings=\"{&quot;background_background&quot;:&quot;classic&quot;}\">\n\t\t\t\t\t<div class=\"e-con-inner\">\n\t\t\t\t\t<\/div>\n\t\t\t\t<\/div>\n\t\t<div class=\"elementor-element elementor-element-90590bc e-con-full e-flex e-con e-parent\" data-id=\"90590bc\" data-element_type=\"container\">\n\t\t<div class=\"elementor-element elementor-element-14bb44b e-flex e-con-boxed e-con e-child\" data-id=\"14bb44b\" data-element_type=\"container\">\n\t\t\t\t\t<div class=\"e-con-inner\">\n\t\t\t\t<div class=\"elementor-element elementor-element-1d4d96e elementor-align-center elementor-widget elementor-widget-button\" data-id=\"1d4d96e\" data-element_type=\"widget\" data-widget_type=\"button.default\">\n\t\t\t\t<div class=\"elementor-widget-container\">\n\t\t\t\t\t\t\t\t\t<div class=\"elementor-button-wrapper\">\n\t\t\t\t\t<a class=\"elementor-button elementor-button-link elementor-size-sm\" href=\"https:\/\/www.palijativnaskrb2025.com\/wp-content\/uploads\/2025\/05\/Knjiga-sazetaka.pdf\">\n\t\t\t\t\t\t<span class=\"elementor-button-content-wrapper\">\n\t\t\t\t\t\t\t\t\t<span class=\"elementor-button-text\">KNJIGA SA\u017dETAKA<\/span>\n\t\t\t\t\t<\/span>\n\t\t\t\t\t<\/a>\n\t\t\t\t<\/div>\n\t\t\t\t\t\t\t\t<\/div>\n\t\t\t\t<\/div>\n\t\t\t\t<div class=\"elementor-element elementor-element-a4563aa elementor-align-center elementor-widget elementor-widget-button\" data-id=\"a4563aa\" data-element_type=\"widget\" data-widget_type=\"button.default\">\n\t\t\t\t<div class=\"elementor-widget-container\">\n\t\t\t\t\t\t\t\t\t<div class=\"elementor-button-wrapper\">\n\t\t\t\t\t<a class=\"elementor-button elementor-button-link elementor-size-sm\" href=\"https:\/\/www.palijativnaskrb2025.com\/index.php\/materijali\/#zakljucci\">\n\t\t\t\t\t\t<span class=\"elementor-button-content-wrapper\">\n\t\t\t\t\t\t\t\t\t<span class=\"elementor-button-text\">ZAKLJU\u010cCI KONFERENCIJE<\/span>\n\t\t\t\t\t<\/span>\n\t\t\t\t\t<\/a>\n\t\t\t\t<\/div>\n\t\t\t\t\t\t\t\t<\/div>\n\t\t\t\t<\/div>\n\t\t\t\t<div class=\"elementor-element elementor-element-b71fa72 elementor-align-center elementor-widget elementor-widget-button\" data-id=\"b71fa72\" data-element_type=\"widget\" data-widget_type=\"button.default\">\n\t\t\t\t<div class=\"elementor-widget-container\">\n\t\t\t\t\t\t\t\t\t<div class=\"elementor-button-wrapper\">\n\t\t\t\t\t<a class=\"elementor-button elementor-button-link elementor-size-sm\" href=\"https:\/\/www.palijativnaskrb2025.com\/index.php\/materijali\/#konacni-program\">\n\t\t\t\t\t\t<span class=\"elementor-button-content-wrapper\">\n\t\t\t\t\t\t\t\t\t<span class=\"elementor-button-text\">KONA\u010cNI PROGRAM<\/span>\n\t\t\t\t\t<\/span>\n\t\t\t\t\t<\/a>\n\t\t\t\t<\/div>\n\t\t\t\t\t\t\t\t<\/div>\n\t\t\t\t<\/div>\n\t\t\t\t<div class=\"elementor-element elementor-element-153fff2 elementor-align-center elementor-widget elementor-widget-button\" data-id=\"153fff2\" data-element_type=\"widget\" data-widget_type=\"button.default\">\n\t\t\t\t<div class=\"elementor-widget-container\">\n\t\t\t\t\t\t\t\t\t<div class=\"elementor-button-wrapper\">\n\t\t\t\t\t<a class=\"elementor-button elementor-button-link elementor-size-sm\" href=\"https:\/\/www.palijativnaskrb2025.com\/index.php\/materijali\/#konferencijska-obavijest\">\n\t\t\t\t\t\t<span class=\"elementor-button-content-wrapper\">\n\t\t\t\t\t\t\t\t\t<span class=\"elementor-button-text\">KONFERENCIJASKA OBAVIJEST<\/span>\n\t\t\t\t\t<\/span>\n\t\t\t\t\t<\/a>\n\t\t\t\t<\/div>\n\t\t\t\t\t\t\t\t<\/div>\n\t\t\t\t<\/div>\n\t\t\t\t\t<\/div>\n\t\t\t\t<\/div>\n\t\t\t\t<\/div>\n\t\t<div class=\"elementor-element elementor-element-bae3fb1 e-con-full elementor-hidden-desktop elementor-hidden-tablet elementor-hidden-mobile e-flex e-con e-parent\" data-id=\"bae3fb1\" data-element_type=\"container\">\n\t\t\t\t<div class=\"elementor-element elementor-element-bb399b3 elementor-widget elementor-widget-heading\" data-id=\"bb399b3\" data-element_type=\"widget\" data-widget_type=\"heading.default\">\n\t\t\t\t<div class=\"elementor-widget-container\">\n\t\t\t\t\t<h2 class=\"elementor-heading-title elementor-size-default\">Kongres po\u010dinje za<\/h2>\t\t\t\t<\/div>\n\t\t\t\t<\/div>\n\t\t\t\t<div class=\"elementor-element elementor-element-c8ba47d oew-countdown-label-inline oew-countdown-align-center oew-countdown-column-4 oew-tablet-countdown-column-2 oew-mobile-countdown-column-2 elementor-widget elementor-widget-oew-countdown\" data-id=\"c8ba47d\" data-element_type=\"widget\" data-widget_type=\"oew-countdown.default\">\n\t\t\t\t<div class=\"elementor-widget-container\">\n\t\t\t\t\t\r\n\t\t<div class=\"oew-countdown-wrap\" data-date=\"1744398000\" data-prolong=\"\">\r\n\t\t\t<div class=\"oew-countdown-item-wrap\"><div class=\"oew-countdown-item\"><span class=\"oew-countdown-number oew-countdown-days\"><\/span> <span class=\"oew-countdown-label\">dana<\/span><\/div><\/div><div class=\"oew-countdown-item-wrap\"><div class=\"oew-countdown-item\"><span class=\"oew-countdown-number oew-countdown-hours\"><\/span> <span class=\"oew-countdown-label\">sati<\/span><\/div><\/div><div class=\"oew-countdown-item-wrap\"><div class=\"oew-countdown-item\"><span class=\"oew-countdown-number oew-countdown-minutes\"><\/span> <span class=\"oew-countdown-label\">minuta<\/span><\/div><\/div><div class=\"oew-countdown-item-wrap\"><div class=\"oew-countdown-item\"><span class=\"oew-countdown-number oew-countdown-seconds\"><\/span> <span class=\"oew-countdown-label\">sekundi<\/span><\/div><\/div>\t\t<\/div>\r\n\r\n\t\t\t\t\t\t<\/div>\n\t\t\t\t<\/div>\n\t\t\t\t<div class=\"elementor-element elementor-element-7878941 elementor-widget-divider--view-line elementor-widget elementor-widget-divider\" data-id=\"7878941\" data-element_type=\"widget\" data-widget_type=\"divider.default\">\n\t\t\t\t<div class=\"elementor-widget-container\">\n\t\t\t\t\t\t\t<div class=\"elementor-divider\">\n\t\t\t<span class=\"elementor-divider-separator\">\n\t\t\t\t\t\t<\/span>\n\t\t<\/div>\n\t\t\t\t\t\t<\/div>\n\t\t\t\t<\/div>\n\t\t\t\t<\/div>\n\t\t<div class=\"elementor-element elementor-element-75e8249 e-flex e-con-boxed e-con e-parent\" data-id=\"75e8249\" data-element_type=\"container\">\n\t\t\t\t\t<div class=\"e-con-inner\">\n\t\t<div class=\"elementor-element elementor-element-9db5336 e-con-full e-flex e-con e-child\" data-id=\"9db5336\" data-element_type=\"container\">\n\t\t\t\t<div class=\"elementor-element elementor-element-142b958 elementor-widget elementor-widget-heading\" data-id=\"142b958\" data-element_type=\"widget\" data-widget_type=\"heading.default\">\n\t\t\t\t<div class=\"elementor-widget-container\">\n\t\t\t\t\t<h2 class=\"elementor-heading-title elementor-size-default\">Dragi kolege i prijatelji!<\/h2>\t\t\t\t<\/div>\n\t\t\t\t<\/div>\n\t\t\t\t<div class=\"elementor-element elementor-element-ca6ee7b elementor-widget elementor-widget-heading\" data-id=\"ca6ee7b\" data-element_type=\"widget\" data-widget_type=\"heading.default\">\n\t\t\t\t<div class=\"elementor-widget-container\">\n\t\t\t\t\t<h2 class=\"elementor-heading-title elementor-size-default\">S velikim zadovoljstvom vas pozivamo na <b>7. konferenciju o palijativnoj skrbi s me\u0111unarodnim sudjelovanjem <\/b>koja \u0107e se odr\u017eati u Hotelu Pinija u Petr\u010danima pored Zadra, od 11. do 13. travnja 2025.<br><br>Na\u0161e konferencije, osim \u0161to su mjesta razmjene iskustava, imaju za cilj podr\u017eati razvoj palijativne skrbi u mjestu odr\u017eavanja, a Zadarska \u017eupanija i Grad Zadar su sredina u kojoj se ima \u0161to podr\u017eati i obilje\u017eiti.<br><br>Psihijatrijska bolnica Ugljan, prva bolnica u Hrvatskoj koja je osnovala i ugovorila odjel za lije\u010denje palijativnih du\u0161evnih bolesnika slavi 70. obljetnicu rada, u Domu zdravlja Zadarske \u017eupanije se intenzivno razvija sustav izvanbolni\u010dke palijativne skrbi. Op\u0107a bolnica Zadar napravila je velike iskorake u organizaciji palijativne skrbi, u Zadru se uskoro otvara hospicij dok Sveu\u010dili\u0161te u Zadru priprema edukativne programe za palijativnu skrb.\n<br>Sve te institucije sudjeluju u organizaciji konferencije \u0161to joj daje izniman potencijal,  koji \u0107e se, uvjereni smo,  preto\u010diti u kvalitetan program i uspjeh konferencije.<\/h2>\t\t\t\t<\/div>\n\t\t\t\t<\/div>\n\t\t\t\t<\/div>\n\t\t<div class=\"elementor-element elementor-element-5c0c4ed e-con-full elementor-hidden-mobile e-flex e-con e-child\" data-id=\"5c0c4ed\" data-element_type=\"container\">\n\t\t\t\t<div class=\"elementor-element elementor-element-e6f04a4 elementor-widget elementor-widget-image\" data-id=\"e6f04a4\" data-element_type=\"widget\" data-widget_type=\"image.default\">\n\t\t\t\t<div class=\"elementor-widget-container\">\n\t\t\t\t\t\t\t\t\t\t\t\t\t\t\t<img fetchpriority=\"high\" decoding=\"async\" width=\"834\" height=\"834\" src=\"https:\/\/www.palijativnaskrb2025.com\/wp-content\/uploads\/2025\/01\/Logo-Palijativa-1-512-x-512.png\" class=\"attachment-large size-large wp-image-30\" alt=\"\" srcset=\"https:\/\/www.palijativnaskrb2025.com\/wp-content\/uploads\/2025\/01\/Logo-Palijativa-1-512-x-512.png 834w, https:\/\/www.palijativnaskrb2025.com\/wp-content\/uploads\/2025\/01\/Logo-Palijativa-1-512-x-512-300x300.png 300w, https:\/\/www.palijativnaskrb2025.com\/wp-content\/uploads\/2025\/01\/Logo-Palijativa-1-512-x-512-150x150.png 150w, https:\/\/www.palijativnaskrb2025.com\/wp-content\/uploads\/2025\/01\/Logo-Palijativa-1-512-x-512-768x768.png 768w, https:\/\/www.palijativnaskrb2025.com\/wp-content\/uploads\/2025\/01\/Logo-Palijativa-1-512-x-512-600x600.png 600w\" sizes=\"(max-width: 834px) 100vw, 834px\" \/>\t\t\t\t\t\t\t\t\t\t\t\t\t\t\t<\/div>\n\t\t\t\t<\/div>\n\t\t\t\t<\/div>\n\t\t\t\t\t<\/div>\n\t\t\t\t<\/div>\n\t\t<div class=\"elementor-element elementor-element-ecfc9e0 e-flex e-con-boxed e-con e-parent\" data-id=\"ecfc9e0\" data-element_type=\"container\">\n\t\t\t\t\t<div class=\"e-con-inner\">\n\t\t<div class=\"elementor-element elementor-element-3128705 e-con-full e-flex e-con e-child\" data-id=\"3128705\" data-element_type=\"container\">\n\t\t\t\t<div class=\"elementor-element elementor-element-ee1a7e6 elementor-widget elementor-widget-image\" data-id=\"ee1a7e6\" data-element_type=\"widget\" data-widget_type=\"image.default\">\n\t\t\t\t<div class=\"elementor-widget-container\">\n\t\t\t\t\t\t\t\t\t\t\t\t\t\t\t<img decoding=\"async\" width=\"150\" height=\"150\" src=\"https:\/\/www.palijativnaskrb2025.com\/wp-content\/uploads\/2025\/01\/Logo-Palijativa-1-512-x-512-150x150.png\" class=\"attachment-thumbnail size-thumbnail wp-image-30\" alt=\"\" srcset=\"https:\/\/www.palijativnaskrb2025.com\/wp-content\/uploads\/2025\/01\/Logo-Palijativa-1-512-x-512-150x150.png 150w, https:\/\/www.palijativnaskrb2025.com\/wp-content\/uploads\/2025\/01\/Logo-Palijativa-1-512-x-512-300x300.png 300w, https:\/\/www.palijativnaskrb2025.com\/wp-content\/uploads\/2025\/01\/Logo-Palijativa-1-512-x-512-768x768.png 768w, https:\/\/www.palijativnaskrb2025.com\/wp-content\/uploads\/2025\/01\/Logo-Palijativa-1-512-x-512-600x600.png 600w, https:\/\/www.palijativnaskrb2025.com\/wp-content\/uploads\/2025\/01\/Logo-Palijativa-1-512-x-512.png 834w\" sizes=\"(max-width: 150px) 100vw, 150px\" \/>\t\t\t\t\t\t\t\t\t\t\t\t\t\t\t<\/div>\n\t\t\t\t<\/div>\n\t\t\t\t<\/div>\n\t\t<div class=\"elementor-element elementor-element-20f017f e-con-full e-flex e-con e-child\" data-id=\"20f017f\" data-element_type=\"container\">\n\t\t\t\t<div class=\"elementor-element elementor-element-53498c9 elementor-widget elementor-widget-heading\" data-id=\"53498c9\" data-element_type=\"widget\" data-widget_type=\"heading.default\">\n\t\t\t\t<div class=\"elementor-widget-container\">\n\t\t\t\t\t<h2 class=\"elementor-heading-title elementor-size-default\">Velikim brojem tema konferencije  \u017eelimo dati priliku \u0161to ve\u0107em broju vas da govorite  o vlastitim iskustvima u radu, \u0161to \u0107e nam omogu\u0107iti uvid u trenutno stanje palijativne skrbi u Hrvatskoj, u dileme i probleme koji stoje na putu njenom razvoju.<br><br>Kao uvijek do sada jedna tema je u fokusu. Ovog puta je to Palijativni pristup, od kojeg sve po\u010dinje i koji bi trebao pro\u017eimati rad svakog zdravstvenog radnika koji se susre\u0107e s palijativnim pacijentom.<br><br>Nadamo se da \u0107emo uspjeti usmjeriti va\u0161u pa\u017enju na tu temu, da \u0107e ona biti zna\u010dajno zastupljena u va\u0161im radovima te,  kona\u010dno i u zaklju\u010dcima konferencije. <br><br>I ovog puta  \u0107e u radu konferencije sudjelovati  eminentni i iznimno zanimljivi inozemni predava\u010di, a ne\u0107e izostati ni programi koji kroz opu\u0161tanje i neformalno dru\u017eenje doprinose razvoju palijativne skrbi.<br><br>Vjerujemo da \u0107e o ovo biti  konferencija \u010diji \u0107e se odjeci osje\u0107ati u va\u0161em svakodnevnom radu i va\u0161im nastojanjima da unaprijedite kvalitetu palijativne skrbi u svojim sredinama.\n<br><br>S rado\u0161\u0107u vas o\u010dekujemo u Zadru!<span style=\"color: var( --e-global-color-text );font-family: Rubik, sans-serif;font-size: 15px;font-style: italic;font-weight: 100;letter-spacing: 0px\"><\/span><\/h2>\t\t\t\t<\/div>\n\t\t\t\t<\/div>\n\t\t\t\t<div class=\"elementor-element elementor-element-d4401f7 elementor-widget elementor-widget-heading\" data-id=\"d4401f7\" data-element_type=\"widget\" data-widget_type=\"heading.default\">\n\t\t\t\t<div class=\"elementor-widget-container\">\n\t\t\t\t\t<h2 class=\"elementor-heading-title elementor-size-default\">Predsjedatelji Organizacijskog odbora<br><b>dr. Vitomir Vi\u0161i\u0107<\/b>, <b>dr. Ante Ivan\u010di\u0107<\/b> i <b>dr. Vlasta Vu\u010devac<\/b><\/h2>\t\t\t\t<\/div>\n\t\t\t\t<\/div>\n\t\t\t\t<\/div>\n\t\t\t\t\t<\/div>\n\t\t\t\t<\/div>\n\t\t<div class=\"elementor-element elementor-element-6b8203d e-con-full e-flex e-con e-parent\" data-id=\"6b8203d\" data-element_type=\"container\">\n\t\t\t\t<div class=\"elementor-element elementor-element-89c14bc elementor-widget-divider--view-line elementor-widget elementor-widget-divider\" data-id=\"89c14bc\" data-element_type=\"widget\" data-widget_type=\"divider.default\">\n\t\t\t\t<div class=\"elementor-widget-container\">\n\t\t\t\t\t\t\t<div class=\"elementor-divider\">\n\t\t\t<span class=\"elementor-divider-separator\">\n\t\t\t\t\t\t<\/span>\n\t\t<\/div>\n\t\t\t\t\t\t<\/div>\n\t\t\t\t<\/div>\n\t\t\t\t<\/div>\n\t\t<div class=\"elementor-element elementor-element-52385ed e-flex e-con-boxed e-con e-parent\" data-id=\"52385ed\" data-element_type=\"container\">\n\t\t\t\t\t<div class=\"e-con-inner\">\n\t\t<div class=\"elementor-element elementor-element-98a0d03 e-con-full e-flex e-con e-child\" data-id=\"98a0d03\" data-element_type=\"container\">\n\t\t\t\t<div class=\"elementor-element elementor-element-9398620 elementor-invisible elementor-widget elementor-widget-heading\" data-id=\"9398620\" data-element_type=\"widget\" data-settings=\"{&quot;_animation&quot;:&quot;fadeIn&quot;}\" data-widget_type=\"heading.default\">\n\t\t\t\t<div class=\"elementor-widget-container\">\n\t\t\t\t\t<h2 class=\"elementor-heading-title elementor-size-default\">ZNANSTVENI ODBOR<\/h2>\t\t\t\t<\/div>\n\t\t\t\t<\/div>\n\t\t\t\t<div class=\"elementor-element elementor-element-470c2ea elementor-widget elementor-widget-text-editor\" data-id=\"470c2ea\" data-element_type=\"widget\" data-widget_type=\"text-editor.default\">\n\t\t\t\t<div class=\"elementor-widget-container\">\n\t\t\t\t\t\t\t\t\t<p>Branko Bazdan, Mario Bo\u017eac, Marijana Bra\u0161, Diego Brumini, Katja \u0106ulav, Veljko \u0110or\u0111evi\u0107, Goran Gol\u010di\u0107,&nbsp;Bla\u017eenka Horvat, Samir Husi\u0107, Vedrana Iveta, Vikica Krolo, Dubravka Ledina, Dijana Lueti\u0107, Marija&nbsp;Ljubi\u010di\u0107, Julije Me\u0161trovi\u0107, Amneris Milano Bekavac, Branka Poli\u0107, Dragan Soldo,&nbsp;Jasminka Stepan Giljevi\u0107, Gordana \u0160tirjan Markovi\u0107, Nada Tadi\u0107, Marion Tomi\u010di\u0107, Dragan Trivanovi\u0107<\/p>\t\t\t\t\t\t\t\t<\/div>\n\t\t\t\t<\/div>\n\t\t\t\t<\/div>\n\t\t<div class=\"elementor-element elementor-element-d626c69 e-con-full e-flex e-con e-child\" data-id=\"d626c69\" data-element_type=\"container\">\n\t\t\t\t<div class=\"elementor-element elementor-element-50cf243 elementor-widget elementor-widget-heading\" data-id=\"50cf243\" data-element_type=\"widget\" data-widget_type=\"heading.default\">\n\t\t\t\t<div class=\"elementor-widget-container\">\n\t\t\t\t\t<h2 class=\"elementor-heading-title elementor-size-default\">ORGANIZACIJSKI ODBOR<\/h2>\t\t\t\t<\/div>\n\t\t\t\t<\/div>\n\t\t\t\t<div class=\"elementor-element elementor-element-20e33d9 elementor-widget elementor-widget-text-editor\" data-id=\"20e33d9\" data-element_type=\"widget\" data-widget_type=\"text-editor.default\">\n\t\t\t\t<div class=\"elementor-widget-container\">\n\t\t\t\t\t\t\t\t\t<p style=\"text-align: left;\">Vitomir Vi\u0161i\u0107, Ante Ivan\u010di\u0107, Anita Basioli, Klaudia Duka Glavor, Zdenko Dundovi\u0107, Nediljko Jovi\u0107, Sanja Kardum, Marko Kolega, Franka Krajnovi\u0107, Mladen Mavar, Nata\u0161a Skitareli\u0107, Jasna Vu\u010dak, Vlasta Vu\u010devac<\/p>\t\t\t\t\t\t\t\t<\/div>\n\t\t\t\t<\/div>\n\t\t\t\t<\/div>\n\t\t\t\t\t<\/div>\n\t\t\t\t<\/div>\n\t\t<div class=\"elementor-element elementor-element-c5b1dac e-con-full e-flex e-con e-parent\" data-id=\"c5b1dac\" data-element_type=\"container\">\n\t\t\t\t<div class=\"elementor-element elementor-element-e696748 elementor-widget-divider--view-line elementor-widget elementor-widget-divider\" data-id=\"e696748\" data-element_type=\"widget\" data-widget_type=\"divider.default\">\n\t\t\t\t<div class=\"elementor-widget-container\">\n\t\t\t\t\t\t\t<div class=\"elementor-divider\">\n\t\t\t<span class=\"elementor-divider-separator\">\n\t\t\t\t\t\t<\/span>\n\t\t<\/div>\n\t\t\t\t\t\t<\/div>\n\t\t\t\t<\/div>\n\t\t\t\t<\/div>\n\t\t<div class=\"elementor-element elementor-element-f77f9df e-flex e-con-boxed e-con e-parent\" data-id=\"f77f9df\" data-element_type=\"container\">\n\t\t\t\t\t<div class=\"e-con-inner\">\n\t\t<div class=\"elementor-element elementor-element-d20c1e5 e-con-full e-flex e-con e-child\" data-id=\"d20c1e5\" data-element_type=\"container\">\n\t\t\t\t<div class=\"elementor-element elementor-element-8f5c415 elementor-invisible elementor-widget elementor-widget-heading\" data-id=\"8f5c415\" data-element_type=\"widget\" data-settings=\"{&quot;_animation&quot;:&quot;fadeIn&quot;}\" data-widget_type=\"heading.default\">\n\t\t\t\t<div class=\"elementor-widget-container\">\n\t\t\t\t\t<h2 class=\"elementor-heading-title elementor-size-default\">ORGANIZATORI<\/h2>\t\t\t\t<\/div>\n\t\t\t\t<\/div>\n\t\t\t\t<div class=\"elementor-element elementor-element-d65f951 elementor-widget elementor-widget-text-editor\" data-id=\"d65f951\" data-element_type=\"widget\" data-widget_type=\"text-editor.default\">\n\t\t\t\t<div class=\"elementor-widget-container\">\n\t\t\t\t\t\t\t\t\t<p style=\"text-align: center;\">Psihijatrijska bolnica Ugljan<br \/><br \/>Dom zdravlja Zadarske \u017eupanije<br \/><br \/>Sveu\u010dili\u0161te u Zadru<br \/><br \/>Op\u0107a bolnica Zadar<\/p>\t\t\t\t\t\t\t\t<\/div>\n\t\t\t\t<\/div>\n\t\t\t\t<\/div>\n\t\t<div class=\"elementor-element elementor-element-c465433 e-con-full e-flex e-con e-child\" data-id=\"c465433\" data-element_type=\"container\">\n\t\t\t\t<div class=\"elementor-element elementor-element-1a1da81 elementor-widget elementor-widget-heading\" data-id=\"1a1da81\" data-element_type=\"widget\" data-widget_type=\"heading.default\">\n\t\t\t\t<div class=\"elementor-widget-container\">\n\t\t\t\t\t<h2 class=\"elementor-heading-title elementor-size-default\">UZ STRU\u010cNU POTPORU<\/h2>\t\t\t\t<\/div>\n\t\t\t\t<\/div>\n\t\t\t\t<div class=\"elementor-element elementor-element-318679d elementor-widget elementor-widget-text-editor\" data-id=\"318679d\" data-element_type=\"widget\" data-widget_type=\"text-editor.default\">\n\t\t\t\t<div class=\"elementor-widget-container\">\n\t\t\t\t\t\t\t\t\t<p style=\"text-align: center;\">Hrvatskog dru\u0161tva za palijativnu medicinu Hrvatskog lije\u010dni\u010dkog zbora<\/p>\t\t\t\t\t\t\t\t<\/div>\n\t\t\t\t<\/div>\n\t\t\t\t<\/div>\n\t\t<div class=\"elementor-element elementor-element-3cfd2b6 e-con-full e-flex e-con e-child\" data-id=\"3cfd2b6\" data-element_type=\"container\">\n\t\t\t\t<div class=\"elementor-element elementor-element-da8c4a5 elementor-widget elementor-widget-heading\" data-id=\"da8c4a5\" data-element_type=\"widget\" data-widget_type=\"heading.default\">\n\t\t\t\t<div class=\"elementor-widget-container\">\n\t\t\t\t\t<h2 class=\"elementor-heading-title elementor-size-default\">POKROVITELJI<\/h2>\t\t\t\t<\/div>\n\t\t\t\t<\/div>\n\t\t\t\t<div class=\"elementor-element elementor-element-516e9b6 elementor-widget elementor-widget-text-editor\" data-id=\"516e9b6\" data-element_type=\"widget\" data-widget_type=\"text-editor.default\">\n\t\t\t\t<div class=\"elementor-widget-container\">\n\t\t\t\t\t\t\t\t\t<p style=\"text-align: center;\">Ministarstvo zdravstva<\/p>\n<p style=\"text-align: center;\">Zadarska \u017eupanija<\/p>\n<p style=\"text-align: center;\">Grad Zadar<\/p>\n<p style=\"text-align: center;\">Zadarska nadbiskupija<\/p><p style=\"text-align: center;\">Hrvatska lije\u010dni\u010dka komora<\/p>\t\t\t\t\t\t\t\t<\/div>\n\t\t\t\t<\/div>\n\t\t\t\t<\/div>\n\t\t\t\t\t<\/div>\n\t\t\t\t<\/div>\n\t\t<div class=\"elementor-element elementor-element-17b66b3 e-con-full e-flex e-con e-parent\" data-id=\"17b66b3\" data-element_type=\"container\">\n\t\t\t\t<div class=\"elementor-element elementor-element-7358b61 elementor-widget-divider--view-line elementor-widget elementor-widget-divider\" data-id=\"7358b61\" data-element_type=\"widget\" data-widget_type=\"divider.default\">\n\t\t\t\t<div class=\"elementor-widget-container\">\n\t\t\t\t\t\t\t<div class=\"elementor-divider\">\n\t\t\t<span class=\"elementor-divider-separator\">\n\t\t\t\t\t\t<\/span>\n\t\t<\/div>\n\t\t\t\t\t\t<\/div>\n\t\t\t\t<\/div>\n\t\t\t\t<\/div>\n\t\t<div class=\"elementor-element elementor-element-3501f7f e-con-full e-flex e-con e-parent\" data-id=\"3501f7f\" data-element_type=\"container\">\n\t\t\t\t<div class=\"elementor-element elementor-element-42c5b62 elementor-invisible elementor-widget elementor-widget-heading\" data-id=\"42c5b62\" data-element_type=\"widget\" data-settings=\"{&quot;_animation&quot;:&quot;fadeIn&quot;}\" data-widget_type=\"heading.default\">\n\t\t\t\t<div class=\"elementor-widget-container\">\n\t\t\t\t\t<h2 class=\"elementor-heading-title elementor-size-default\">TEME<\/h2>\t\t\t\t<\/div>\n\t\t\t\t<\/div>\n\t\t\t\t<\/div>\n\t\t<div class=\"elementor-element elementor-element-43a78a3 e-flex e-con-boxed e-con e-parent\" data-id=\"43a78a3\" data-element_type=\"container\">\n\t\t\t\t\t<div class=\"e-con-inner\">\n\t\t<div class=\"elementor-element elementor-element-0bf548c e-con-full e-flex e-con e-child\" data-id=\"0bf548c\" data-element_type=\"container\">\n\t\t\t\t<div class=\"elementor-element elementor-element-1dfa892 elementor-widget elementor-widget-text-editor\" data-id=\"1dfa892\" data-element_type=\"widget\" data-widget_type=\"text-editor.default\">\n\t\t\t\t<div class=\"elementor-widget-container\">\n\t\t\t\t\t\t\t\t\t<p>\u2022 perspektive razvoja hrvatske palijativne skrbi<br \/>\u2022 leadership u razvoju palijativne skrbi<br \/>\u2022 mobilni specijalisti\u010dki palijativni tim u izazovnim vremenima<br \/>\u2022 koordinacija u mobilnom palijativnom timu<br \/>\u2022 telehealth u palijativnoj medicini<br \/>\u2022 obiteljski lije\u010dnik i palijativni bolesnik<br \/>\u2022 pedijatrijska palijativna skrb<\/p>\t\t\t\t\t\t\t\t<\/div>\n\t\t\t\t<\/div>\n\t\t\t\t<\/div>\n\t\t<div class=\"elementor-element elementor-element-349776f e-con-full e-flex e-con e-child\" data-id=\"349776f\" data-element_type=\"container\">\n\t\t\t\t<div class=\"elementor-element elementor-element-3704874 elementor-widget elementor-widget-text-editor\" data-id=\"3704874\" data-element_type=\"widget\" data-widget_type=\"text-editor.default\">\n\t\t\t\t<div class=\"elementor-widget-container\">\n\t\t\t\t\t\t\t\t\t<p>\u2022 iskustva palijativnih odjela u op\u0107im bolnicama<br \/>\u2022 domovi za starije kao ustanove za pru\u017eanje PS<br \/>\u2022 duhovna palijativna skrb<br \/>\u2022 patrona\u017ene sestre u palijativnoj skrbi<br \/>\u2022 zdravstvena njega palijativnog bolesnika<br \/>\u2022 rehabilitacija palijativnog bolesnika<br \/>\u2022 volonteri u palijativnoj skrb<br \/>\u2022 psiholo\u0161ka palijativna skrbi<\/p>\t\t\t\t\t\t\t\t<\/div>\n\t\t\t\t<\/div>\n\t\t\t\t<\/div>\n\t\t<div class=\"elementor-element elementor-element-3352061 e-con-full e-flex e-con e-child\" data-id=\"3352061\" data-element_type=\"container\">\n\t\t\t\t<div class=\"elementor-element elementor-element-55c8af4 elementor-widget elementor-widget-text-editor\" data-id=\"55c8af4\" data-element_type=\"widget\" data-widget_type=\"text-editor.default\">\n\t\t\t\t<div class=\"elementor-widget-container\">\n\t\t\t\t\t\t\t\t\t<p>\u2022 socijalna palijativna skrb<br \/>\u2022 eti\u010dke dileme u palijativnoj medicini<br \/>\u2022 istra\u017eivanje i znanstveni rad u palijativnoj skrbi<br \/>\u2022 kontrola simptoma u palijativnoj medicini<br \/>\u2022 stomatolog u palijativnoj skrbi<br \/>\u2022 obrazovni programi za palijativnu skrb<br \/>\u2022 hospicijska palijativna skrb<br \/>\u2022 ljekarni\u0161tvo u palijativnoj skrbi<\/p>\t\t\t\t\t\t\t\t<\/div>\n\t\t\t\t<\/div>\n\t\t\t\t<\/div>\n\t\t\t\t\t<\/div>\n\t\t\t\t<\/div>\n\t\t<div class=\"elementor-element elementor-element-b9514c7 e-flex e-con-boxed e-con e-parent\" data-id=\"b9514c7\" data-element_type=\"container\" data-settings=\"{&quot;background_background&quot;:&quot;classic&quot;}\">\n\t\t\t\t\t<div class=\"e-con-inner\">\n\t\t\t\t\t<\/div>\n\t\t\t\t<\/div>\n\t\t\t\t<\/div>\n\t\t","protected":false},"excerpt":{"rendered":"<p>KNJIGA SA\u017dETAKA ZAKLJU\u010cCI KONFERENCIJE KONA\u010cNI PROGRAM KONFERENCIJASKA OBAVIJEST Kongres po\u010dinje za dana sati minuta sekundi Dragi kolege i prijatelji! S velikim zadovoljstvom vas pozivamo na 7. konferenciju o palijativnoj skrbi s me\u0111unarodnim sudjelovanjem koja \u0107e se odr\u017eati u Hotelu Pinija u Petr\u010danima pored Zadra, od 11. do 13. travnja 2025. Na\u0161e konferencije, osim \u0161to su [&hellip;]<\/p>\n","protected":false},"author":1,"featured_media":0,"parent":0,"menu_order":0,"comment_status":"closed","ping_status":"closed","template":"","meta":{"footnotes":""},"class_list":["post-39","page","type-page","status-publish","hentry","entry"],"_links":{"self":[{"href":"https:\/\/www.palijativnaskrb2025.com\/index.php\/wp-json\/wp\/v2\/pages\/39","targetHints":{"allow":["GET"]}}],"collection":[{"href":"https:\/\/www.palijativnaskrb2025.com\/index.php\/wp-json\/wp\/v2\/pages"}],"about":[{"href":"https:\/\/www.palijativnaskrb2025.com\/index.php\/wp-json\/wp\/v2\/types\/page"}],"author":[{"embeddable":true,"href":"https:\/\/www.palijativnaskrb2025.com\/index.php\/wp-json\/wp\/v2\/users\/1"}],"replies":[{"embeddable":true,"href":"https:\/\/www.palijativnaskrb2025.com\/index.php\/wp-json\/wp\/v2\/comments?post=39"}],"version-history":[{"count":135,"href":"https:\/\/www.palijativnaskrb2025.com\/index.php\/wp-json\/wp\/v2\/pages\/39\/revisions"}],"predecessor-version":[{"id":473,"href":"https:\/\/www.palijativnaskrb2025.com\/index.php\/wp-json\/wp\/v2\/pages\/39\/revisions\/473"}],"wp:attachment":[{"href":"https:\/\/www.palijativnaskrb2025.com\/index.php\/wp-json\/wp\/v2\/media?parent=39"}],"curies":[{"name":"wp","href":"https:\/\/api.w.org\/{rel}","templated":true}]}}